{"id":350,"date":"2013-02-12T11:29:48","date_gmt":"2013-02-12T09:29:48","guid":{"rendered":"http:\/\/taiyo.fi\/?page_id=350"},"modified":"2026-03-04T14:49:47","modified_gmt":"2026-03-04T12:49:47","slug":"ammattijarjestot","status":"publish","type":"page","link":"https:\/\/taiyo.fi\/sv\/jasenille\/ammattijarjestot\/","title":{"rendered":"Stipendier och organisationer inom konstbranschen"},"content":{"rendered":"<h4>Stipendier<\/h4>\r\n<p><a href=\"http:\/\/apurahat.syl.fi\">SYL:n apurahatietokanta<\/a><br \/><a href=\"http:\/\/www.aurora-tietokanta.fi\">S\u00e4\u00e4ti\u00f6iden yhteinen Aurora-tietokanta<\/a><br \/><a href=\"http:\/\/www.skr.fi\">Suomen kulttuurirahasto<\/a><br \/><a href=\"http:\/\/www.taike.fi\">Taiteen edist\u00e4miskeskus<\/a><\/p>\r\n<p><a href=\"http:\/\/www.kordelin.fi\">Alfred Kordelinin yleinen edistys- ja sivistysrahasto<\/a><br \/><a href=\"http:\/\/www.gretajawilliamlehtinen.fi\">Greta ja William Lehtisen s\u00e4\u00e4ti\u00f6<\/a><br \/><a href=\"http:\/\/www.hanaholmen.fi\">Hanasaari &#8211; Suomalais-norjalainen &amp; suomalais-tanskalainen &amp; suomalais-islantilainen kulttuurirahasto<\/a><br \/><a href=\"http:\/\/www.wihurinrahasto.fi\">Jenny ja Antti Wihurin rahasto<\/a><br \/><a href=\"http:\/\/www.kalevalakoru.fi\/fi\/tarinamme\/kulttuurisaatio\">Kalevala Korun kulttuuris\u00e4\u00e4ti\u00f6<\/a><br \/><a href=\"http:\/\/www.cimo.fi\">Kansainv\u00e4lisen henkil\u00f6vaihdon keskus CIMO<\/a><br \/><a href=\"http:\/\/www.sivistysrahasto.fi\">Kansan Sivistysrahasto<\/a><br \/><a href=\"http:\/\/www.koneensaatio.fi\">Koneen S\u00e4\u00e4ti\u00f6<\/a><br \/><a href=\"http:\/\/www.musiikinedistamissaatio.fi\">Musiikin edist\u00e4miss\u00e4\u00e4ti\u00f6<\/a><br \/><a href=\"http:\/\/www.paulo.fi\">Paulon s\u00e4\u00e4ti\u00f6<\/a><br \/><a href=\"http:\/\/www.kulturfonden.net\">Suomalais-ruotsalainen kulttuurirahasto<\/a><br \/><a href=\"http:\/\/www.skr.fi\/fi\/rahastot\">Suomen kulttuurirahaston maakuntarahastot<\/a><br \/><a href=\"http:\/\/www.suomensaveltaiteentukisaatio.fi\">Suomen s\u00e4veltaiteen tukis\u00e4\u00e4ti\u00f6<\/a><br \/><a href=\"http:\/\/www.kulturfonden.fi\">Svenska kulturfonden<\/a><br \/>Vilho ja Lahja Koposen s\u00e4\u00e4ti\u00f6<\/p>\r\n<h4>Fackf\u00f6reningar och andra organisationer inom konstbranschen<\/h4>\r\n<p><a href=\"http:\/\/kulttuurijataide.fi\">Kulttuuri- ja taidealan keskusj\u00e4rjest\u00f6 KULTA ry<\/a><br \/><a href=\"https:\/\/www.forumartis.fi\/sv\/\">Samarbetsf\u00f6rening f\u00f6r de riksomfattande konstn\u00e4rsorganisationerna Forum Artis rf<\/a><br \/><a href=\"http:\/\/www.taku.fi\">Taide- ja kulttuurialan ammattij\u00e4rjest\u00f6 TAKU ry<\/a><\/p>\r\n<p><a href=\"http:\/\/www.muusikkojenliitto.fi\">Suomen Muusikkojen Liitto SML ry<\/a><br \/><a href=\"http:\/\/freelancemuusikot.fi\">Freelancemuusikot ry<\/a><br \/><a href=\"http:\/\/www.ifpi.fi\">Musiikkituottajat ry<\/a><br \/><a href=\"http:\/\/www.akiliitot.fi\/skul\">Finlands Kantor-organistf\u00f6rbund<\/a><br \/><a href=\"https:\/\/musiikintekijat.fi\/bli-medlem\/\">Finlands Musikskapare<\/a><br \/><a href=\"http:\/\/www.solistiyhdistys.fi\">Suomen Solistiyhdistys ry<\/a><br \/><a href=\"https:\/\/composers.fi\/sv\/om-foreningen\/\">Finlands Tons\u00e4ttare rf<\/a><\/p>\r\n<p><a href=\"https:\/\/www.teme.fi\/sv\/\">Fackf\u00f6rbundet f\u00f6r teater och media Finland<\/a><br \/><a href=\"http:\/\/teme.fi\/set\">Film- och mediearbetarnas f\u00f6rbund Finland<\/a><br \/><a href=\"http:\/\/www.nayttelijaliitto.fi\/pa_svenska\/forbund\/\">Finlands Sk\u00e5despelarf\u00f6rbund<\/a><br \/><a href=\"https:\/\/www.teme.fi\/sv\/\">Finlands dans- och cirkuskonstn\u00e4rer rf<\/a><br \/><a href=\"https:\/\/www.teme.fi\/sv\/\">Finlands teaterregiss\u00f6rers och dramaturgers f\u00f6rbund<\/a><br \/><a href=\"https:\/\/www.teme.fi\/sv\/\">Finlands ljus, ljud- och videodesigners<\/a><br \/><a href=\"https:\/\/www.teme.fi\/sv\/\">Teaterbranschens Yrkesfolk TYF<\/a><\/p>\r\n<p><a href=\"https:\/\/artists.fi\/sv\/\">Konstn\u00e4rsgillet i Finland<\/a><br \/><a href=\"http:\/\/www.muu.fi\">Muu ry<\/a><br \/><a href=\"https:\/\/sculptors.fi\/sv\/\">Finska Skulpt\u00f6rf\u00f6rbundet r.f.<\/a><br \/><a href=\"http:\/\/www.skjl.fi\/\">Suomen Kuvataidej\u00e4rjest\u00f6jen liitto<\/a><br \/><a href=\"https:\/\/www.taidegraafikot.fi\/pa-svenska\/\">Finlands Konstgrafiker<\/a><br \/><a href=\"https:\/\/www.painters.fi\/sv\/\">M\u00e5larf\u00f6rbundet<\/a><br \/><a href=\"https:\/\/hippolyte.fi\/sv\/\">Fotokonstn\u00e4rernas f\u00f6rbund<\/a><\/p>\r\n<p><a href=\"http:\/\/www.suomenkirjailijaliitto.fi\">Suomen Kirjailijaliitto ry<\/a><br \/><a href=\"https:\/\/www.sunklo.fi\/sv\">Finlands Dramatiker och Manusf\u00f6rfattare rf<\/a><\/p>\r\n<p><a href=\"https:\/\/www.oaj.fi\/sv\/\">Undervisningssektorns Fackorganisation OAJ<\/a><br \/><a href=\"http:\/\/www2.siba.fi\/hoy\">Harmonikansoiton opettajat ry<\/a><br \/><a href=\"http:\/\/www.koulujenmusiikinopettajat.fi\">Koulujen musiikinopettajat ry<\/a><br \/><a href=\"http:\/\/www.oaj.fi\/cs\/smol\/etusivu\">Musikl\u00e4rarf\u00f6rbundet i Finland rf<\/a><br \/><a href=\"https:\/\/www.sool.fi\/pa-svenska\/\">Finlands L\u00e4rarstuderandes F\u00f6rbund - SOOL<\/a><\/p>\r\n<p><a href=\"http:\/\/www.gramex.fi\">Gramex ry<\/a><br \/><a href=\"http:\/\/www.kopiosto.fi\">Kopiosto ry<\/a><br \/><a href=\"http:\/\/www.kuvasto.fi\">Kuvasto ry<\/a><br \/><a href=\"http:\/\/www.teosto.fi\">Teosto ry<\/a><\/p>\r\n\r\n<p class=\"wp-block-paragraph\">&nbsp;<\/p>","protected":false},"excerpt":{"rendered":"<p>Apurahoja ja stipendej\u00e4 SYL:n apurahatietokantaS\u00e4\u00e4ti\u00f6iden yhteinen Aurora-tietokantaSuomen kulttuurirahastoTaiteen edist\u00e4miskeskus Alfred Kordelinin yleinen edistys- ja sivistysrahastoGreta ja William Lehtisen s\u00e4\u00e4ti\u00f6Hanasaari &#8211; Suomalais-norjalainen &amp; [&hellip;]<\/p>\n","protected":false},"author":13,"featured_media":0,"parent":299,"menu_order":111,"comment_status":"open","ping_status":"open","template":"","meta":{"_coblocks_attr":"","_coblocks_dimensions":"","_coblocks_responsive_height":"","_coblocks_accordion_ie_support":"","_crdt_document":"","advanced_seo_description":"","jetpack_seo_html_title":"","jetpack_seo_noindex":false,"footnotes":""},"class_list":["post-350","page","type-page","status-publish","hentry"],"jetpack_sharing_enabled":true,"jetpack_shortlink":"https:\/\/wp.me\/P2w00X-5E","jetpack_likes_enabled":true,"amp_enabled":true,"_links":{"self":[{"href":"https:\/\/taiyo.fi\/sv\/wp-json\/wp\/v2\/pages\/350","targetHints":{"allow":["GET"]}}],"collection":[{"href":"https:\/\/taiyo.fi\/sv\/wp-json\/wp\/v2\/pages"}],"about":[{"href":"https:\/\/taiyo.fi\/sv\/wp-json\/wp\/v2\/types\/page"}],"author":[{"embeddable":true,"href":"https:\/\/taiyo.fi\/sv\/wp-json\/wp\/v2\/users\/13"}],"replies":[{"embeddable":true,"href":"https:\/\/taiyo.fi\/sv\/wp-json\/wp\/v2\/comments?post=350"}],"version-history":[{"count":14,"href":"https:\/\/taiyo.fi\/sv\/wp-json\/wp\/v2\/pages\/350\/revisions"}],"predecessor-version":[{"id":16110,"href":"https:\/\/taiyo.fi\/sv\/wp-json\/wp\/v2\/pages\/350\/revisions\/16110"}],"up":[{"embeddable":true,"href":"https:\/\/taiyo.fi\/sv\/wp-json\/wp\/v2\/pages\/299"}],"wp:attachment":[{"href":"https:\/\/taiyo.fi\/sv\/wp-json\/wp\/v2\/media?parent=350"}],"curies":[{"name":"wp","href":"https:\/\/api.w.org\/{rel}","templated":true}]}}