{"id":6582,"date":"2019-09-19T10:54:22","date_gmt":"2019-09-19T08:54:22","guid":{"rendered":"https:\/\/taiyo.fi\/?page_id=6582"},"modified":"2019-09-19T10:54:22","modified_gmt":"2019-09-19T08:54:22","slug":"tule-ehdokkaaksi-taiyon-edustajistovaaleissa","status":"publish","type":"page","link":"https:\/\/taiyo.fi\/en\/tule-ehdokkaaksi-taiyon-edustajistovaaleissa\/","title":{"rendered":"Tule ehdokkaaksi TaiYo:n edustajistovaaleissa!"},"content":{"rendered":"<p class=\"wp-block-paragraph\">(In English below \/ P\u00e5 svenska nedan)<\/p>\n\n\n\n<p class=\"wp-block-paragraph\"><em>L\u00e4hde sin\u00e4kin ehdokkaaksi TaiYo:n edustajistovaaleissa! Taideyliopiston ylioppilaskunnan edustajistovaalit j\u00e4rjestet\u00e4\u00e4n 31.10.\u20136.11.2019, ja ehdolle voi asettua keskiviikkoon 9.10. klo 12.00 saakka. Lue lis\u00e4\u00e4 alta ja TaiYo:n vaalisivuilta <a href=\"https:\/\/taiyo.fi\/en\/edustajistovaalit\/\">www.taiyo.fi\/edustajistovaalit<\/a> ja l\u00e4hde sin\u00e4kin mukaan vaikuttamaan yhteisiin asioihin!<\/em><\/p>\n\n\n\n<p class=\"wp-block-paragraph\"><strong>What RepCo?<\/strong><\/p>\n\n\n\n<p class=\"wp-block-paragraph\">Edustajisto on Taideyliopiston\nylioppilaskunnan ylin p\u00e4\u00e4tt\u00e4v\u00e4 elin. Se p\u00e4\u00e4tt\u00e4\u00e4 mm. TaiYo:n j\u00e4senmaksun\nsuuruudesta, siit\u00e4 mihin j\u00e4senmaksutulot k\u00e4ytet\u00e4\u00e4n ja mihin toiminnassa\npanostetaan. Edustajisto my\u00f6s valitsee TaiYo:n hallituksen ja p\u00e4\u00e4sihteerin sek\u00e4\nTaideyliopiston hallituksen opiskelijaj\u00e4senet. Edustajistossa on 15 j\u00e4sent\u00e4 ja\n15 varaj\u00e4sent\u00e4, jotka Taideyliopiston opiskelijat valitsevat vaaleilla 2 vuoden\nkaudeksi.<\/p>\n\n\n\n<p class=\"wp-block-paragraph\"><strong>Kannattaako l\u00e4hte\u00e4 ehdolle?<\/strong><\/p>\n\n\n\n<p class=\"wp-block-paragraph\">Ehdottomasti! Edustajisto on\noiva paikka kaikille, joita vaikuttaminen opiskeluun, opiskelijan arkeen ja\nopiskelijoiden yhteis\u00f6llisyyteen tai vaikkapa taidepolitiikkaan kiinnostaa. Vaatimuksia\naiemmasta kokemuksesta ei ole, joten kunhan kiinnostusta l\u00f6ytyy, ei haittaa\nvaikket olisi aiemmin ollut mukana toiminnassa. Edustajisto kokoontuu n. 5\nkertaa vuodessa, joten siell\u00e4 toimiminen ei my\u00f6sk\u00e4\u00e4n vaadi suurta ajallista\npanostusta. Sen sijaan edustajistossa oppii uutta ja tutustuu uusiin ihmisiin\nyli akatemiarajojen.<\/p>\n\n\n\n<p class=\"wp-block-paragraph\"><strong>Miten p\u00e4\u00e4sen ehdokkaaksi?<\/strong><\/p>\n\n\n\n<p class=\"wp-block-paragraph\">Ehdolle voivat asettua kaikki TaiYo:n j\u00e4senet, niin l\u00e4sn\u00e4- kuin poissaolevaksi ilmoittautuneet. Ehdokkaaksi l\u00e4hteminen on helppoa: sinun tarvitsee vain t\u00e4ytt\u00e4\u00e4 yksi lomake (ehdokasilmoitus) ja palauttaa se oikeaan paikkaan 9.10. klo 12.00 menness\u00e4. Halutessasi voit my\u00f6s perustaa muiden ehdokkaiden kanssa vaaliliiton, mutta se on t\u00e4ysin vapaaehtoista. Ehdokaslomakkeen voi tulostaa <a href=\"https:\/\/taiyo.fi\/en\/edustajistovaalit\/nain-asetut-ehdolle\/\">t\u00e4lt\u00e4 sivulta<\/a>, josta l\u00f6ytyv\u00e4t my\u00f6s tiedot lomakkeiden palautuspaikoista eri kampuksilla ja lis\u00e4\u00e4 tietoa ehdokkuudesta.<\/p>\n\n\n\n<p class=\"wp-block-paragraph\"><strong>Mist\u00e4 saan\nlis\u00e4tietoja?<\/strong><\/p>\n\n\n\n<p class=\"wp-block-paragraph\">TaiYo:n edustajistovaalisivut: <a href=\"https:\/\/taiyo.fi\/en\/edustajistovaalit\/\">www.taiyo.fi\/edustajistovaalit<\/a><br>Vaality\u00f6ntekij\u00e4 Maria Valkeavuolle: maria.valkeavuolle@uniarts.fi, puh. 040 846 3357<\/p>\n\n\n\n<figure class=\"wp-block-image\"><img data-recalc-dims=\"1\" loading=\"lazy\" decoding=\"async\" width=\"1024\" height=\"1024\" data-attachment-id=\"6572\" data-permalink=\"https:\/\/taiyo.fi\/en\/2019\/09\/12\/taiyon-edustajistovaalit-tulevat-lahde-sinakin-ehdolle-2019\/insta_nelio%cc%88_asetu_ehdolle_fi\/\" data-orig-file=\"https:\/\/i0.wp.com\/taiyo.fi\/wp-content\/uploads\/2019\/09\/insta_nelio%CC%88_asetu_ehdolle_FI.jpg?fit=1080%2C1080&amp;ssl=1\" data-orig-size=\"1080,1080\" data-comments-opened=\"0\" data-image-meta=\"{&quot;aperture&quot;:&quot;0&quot;,&quot;credit&quot;:&quot;&quot;,&quot;camera&quot;:&quot;&quot;,&quot;caption&quot;:&quot;&quot;,&quot;created_timestamp&quot;:&quot;0&quot;,&quot;copyright&quot;:&quot;&quot;,&quot;focal_length&quot;:&quot;0&quot;,&quot;iso&quot;:&quot;0&quot;,&quot;shutter_speed&quot;:&quot;0&quot;,&quot;title&quot;:&quot;&quot;,&quot;orientation&quot;:&quot;1&quot;}\" data-image-title=\"insta_nelio\u0308_asetu_ehdolle_FI\" data-image-description=\"\" data-image-caption=\"\" data-large-file=\"https:\/\/i0.wp.com\/taiyo.fi\/wp-content\/uploads\/2019\/09\/insta_nelio%CC%88_asetu_ehdolle_FI.jpg?fit=700%2C700&amp;ssl=1\" src=\"https:\/\/i0.wp.com\/taiyo.fi\/wp-content\/uploads\/2019\/09\/insta_nelio%CC%88_asetu_ehdolle_FI.jpg?resize=1024%2C1024&#038;ssl=1\" alt=\"\" class=\"wp-image-6572\" srcset=\"https:\/\/i0.wp.com\/taiyo.fi\/wp-content\/uploads\/2019\/09\/insta_nelio%CC%88_asetu_ehdolle_FI.jpg?resize=1024%2C1024&amp;ssl=1 1024w, https:\/\/i0.wp.com\/taiyo.fi\/wp-content\/uploads\/2019\/09\/insta_nelio%CC%88_asetu_ehdolle_FI.jpg?resize=150%2C150&amp;ssl=1 150w, https:\/\/i0.wp.com\/taiyo.fi\/wp-content\/uploads\/2019\/09\/insta_nelio%CC%88_asetu_ehdolle_FI.jpg?resize=300%2C300&amp;ssl=1 300w, https:\/\/i0.wp.com\/taiyo.fi\/wp-content\/uploads\/2019\/09\/insta_nelio%CC%88_asetu_ehdolle_FI.jpg?resize=768%2C768&amp;ssl=1 768w, https:\/\/i0.wp.com\/taiyo.fi\/wp-content\/uploads\/2019\/09\/insta_nelio%CC%88_asetu_ehdolle_FI.jpg?resize=65%2C65&amp;ssl=1 65w, https:\/\/i0.wp.com\/taiyo.fi\/wp-content\/uploads\/2019\/09\/insta_nelio%CC%88_asetu_ehdolle_FI.jpg?resize=50%2C50&amp;ssl=1 50w, https:\/\/i0.wp.com\/taiyo.fi\/wp-content\/uploads\/2019\/09\/insta_nelio%CC%88_asetu_ehdolle_FI.jpg?w=1080&amp;ssl=1 1080w\" sizes=\"auto, (max-width: 1024px) 100vw, 1024px\" \/><\/figure>\n\n\n\n<h3 class=\"wp-block-heading\"><strong>Become a candidate in ArtSU\u2019s Council elections!<\/strong><\/h3>\n\n\n\n<p class=\"wp-block-paragraph\"><em>Become a candidate in ArtSU\u2019s Council elections! The University of the Arts Student Union\u2019s Representative Council elections will take place on 31 October \u2013 6 November, and you can run for Council until Wednesday 9 October at 12.00 noon. Read more below or at ArtSU&#8217;s election website <a href=\"https:\/\/taiyo.fi\/en\/edustajistovaalit\/\">www.taiyo.fi\/edustajistovaalit<\/a> and make an impact on students\u2019 common affairs by becoming a candidate!<\/em><\/p>\n\n\n\n<p class=\"wp-block-paragraph\"><strong>What council?<\/strong><\/p>\n\n\n\n<p class=\"wp-block-paragraph\">The Representative Council is the highest\ndecision-making body of the student union. It decides e.g. on ArtSU\u2019s\nmembership fee, budget and action plan, and appoints the student union\u2019s\nexecutive board and secretary general as well as the student members of the university\u2019s\nexecutive board. The council has 15 members and 15 vice members who are elected\nby Uniarts students for a two-year term.<\/p>\n\n\n\n<p class=\"wp-block-paragraph\"><strong>Should I become a\ncandidate?<\/strong><\/p>\n\n\n\n<p class=\"wp-block-paragraph\">Absolutely! If you are interested in\ninfluencing your studies, the everyday life of students and the student\ncommunity, the council is the place to be. There are no requirements of previous\nexperience, so as long as you are interested, it doesn\u2019t matter if you haven\u2019t participated in student activities\nbefore. The council convenes about 5 times per year, so being a member doesn\u2019t\ntake too much of your time, either. On the other hand, you can learn new things\nand meet new people from all academies in the council.<\/p>\n\n\n\n<p class=\"wp-block-paragraph\"><strong>How can I become a\ncandidate?<\/strong><\/p>\n\n\n\n<p class=\"wp-block-paragraph\">Every member of the student union registered as present or absent can run for council. Becoming a candidate is easy: all you have to do is fill in a form and return it to the right place by 9 October at noon. In addition, you can form a coalition with other candidates if you want, but it is not compulsory. You can print out a candidacy form <a href=\"https:\/\/taiyo.fi\/en\/edustajistovaalit\/artsus-council-elections-2017\/\">here<\/a>, and on the same page you can also find information on where to return the form on each campus and more information on the elections in English.<\/p>\n\n\n\n<p class=\"wp-block-paragraph\"><strong>Where can I find more\ninfo?<\/strong><\/p>\n\n\n\n<p class=\"wp-block-paragraph\">ArtSU\u2019s election website: <a href=\"https:\/\/taiyo.fi\/en\/edustajistovaalit\/\">www.taiyo.fi\/edustajistovaalit<\/a><br>Election coordinator Maria Valkeavuolle: maria.valkeavuolle@uniarts.fi, tel. 040 846 3357<\/p>\n\n\n\n<figure class=\"wp-block-image\"><img data-recalc-dims=\"1\" loading=\"lazy\" decoding=\"async\" width=\"1024\" height=\"1024\" data-attachment-id=\"6573\" data-permalink=\"https:\/\/taiyo.fi\/en\/2019\/09\/12\/taiyon-edustajistovaalit-tulevat-lahde-sinakin-ehdolle-2019\/insta_nelio%cc%88_asetu_ehdolle2_en\/\" data-orig-file=\"https:\/\/i0.wp.com\/taiyo.fi\/wp-content\/uploads\/2019\/09\/insta_nelio%CC%88_asetu_ehdolle2_EN.jpg?fit=1080%2C1080&amp;ssl=1\" data-orig-size=\"1080,1080\" data-comments-opened=\"0\" data-image-meta=\"{&quot;aperture&quot;:&quot;0&quot;,&quot;credit&quot;:&quot;&quot;,&quot;camera&quot;:&quot;&quot;,&quot;caption&quot;:&quot;&quot;,&quot;created_timestamp&quot;:&quot;0&quot;,&quot;copyright&quot;:&quot;&quot;,&quot;focal_length&quot;:&quot;0&quot;,&quot;iso&quot;:&quot;0&quot;,&quot;shutter_speed&quot;:&quot;0&quot;,&quot;title&quot;:&quot;&quot;,&quot;orientation&quot;:&quot;1&quot;}\" data-image-title=\"insta_nelio\u0308_asetu_ehdolle2_EN\" data-image-description=\"\" data-image-caption=\"\" data-large-file=\"https:\/\/i0.wp.com\/taiyo.fi\/wp-content\/uploads\/2019\/09\/insta_nelio%CC%88_asetu_ehdolle2_EN.jpg?fit=700%2C700&amp;ssl=1\" src=\"https:\/\/i0.wp.com\/taiyo.fi\/wp-content\/uploads\/2019\/09\/insta_nelio%CC%88_asetu_ehdolle2_EN.jpg?resize=1024%2C1024&#038;ssl=1\" alt=\"\" class=\"wp-image-6573\" srcset=\"https:\/\/i0.wp.com\/taiyo.fi\/wp-content\/uploads\/2019\/09\/insta_nelio%CC%88_asetu_ehdolle2_EN.jpg?resize=1024%2C1024&amp;ssl=1 1024w, https:\/\/i0.wp.com\/taiyo.fi\/wp-content\/uploads\/2019\/09\/insta_nelio%CC%88_asetu_ehdolle2_EN.jpg?resize=150%2C150&amp;ssl=1 150w, https:\/\/i0.wp.com\/taiyo.fi\/wp-content\/uploads\/2019\/09\/insta_nelio%CC%88_asetu_ehdolle2_EN.jpg?resize=300%2C300&amp;ssl=1 300w, https:\/\/i0.wp.com\/taiyo.fi\/wp-content\/uploads\/2019\/09\/insta_nelio%CC%88_asetu_ehdolle2_EN.jpg?resize=768%2C768&amp;ssl=1 768w, https:\/\/i0.wp.com\/taiyo.fi\/wp-content\/uploads\/2019\/09\/insta_nelio%CC%88_asetu_ehdolle2_EN.jpg?resize=65%2C65&amp;ssl=1 65w, https:\/\/i0.wp.com\/taiyo.fi\/wp-content\/uploads\/2019\/09\/insta_nelio%CC%88_asetu_ehdolle2_EN.jpg?resize=50%2C50&amp;ssl=1 50w, https:\/\/i0.wp.com\/taiyo.fi\/wp-content\/uploads\/2019\/09\/insta_nelio%CC%88_asetu_ehdolle2_EN.jpg?w=1080&amp;ssl=1 1080w\" sizes=\"auto, (max-width: 1024px) 100vw, 1024px\" \/><\/figure>\n\n\n\n<h3 class=\"wp-block-heading\"><strong>Kandidera du ocks\u00e5 i\nKonSts delegationsval!<\/strong><strong><\/strong><\/h3>\n\n\n\n<p class=\"wp-block-paragraph\"><em>Kandidera du ocks\u00e5 i KonSts delegationsval! Konstuniversitets studentk\u00e5rs delegationsval h\u00e5lls den 31.10 och 5-6.11.2019, och kandidatuppst\u00e4llningen slutar onsdagen 9.10 kl. 12.00. L\u00e4s mer h\u00e4r nedan eller p\u00e5 KonSts valsidor <a href=\"https:\/\/taiyo.fi\/en\/edustajistovaalit\/\">www.taiyo.fi\/edustajistovaalit<\/a> och p\u00e5verka gemensamma fr\u00e5gor genom att kandidera!<\/em><\/p>\n\n\n\n<p class=\"wp-block-paragraph\"><strong>Vilken delegation?<\/strong><\/p>\n\n\n\n<p class=\"wp-block-paragraph\">Delegationen \u00e4r studentk\u00e5rens h\u00f6gsta beslutande organ. Den beslutar bl.a om\nstudentk\u00e5rsavgiften, studentk\u00e5rens verksamhetsplan och budget samt v\u00e4ljer KonSts\nstyrelse, generalsekreterare och studentrepresentanterna i Konstuniversitetets\nstyrelse. Delegationen har 15 medlemmar och 15 suppleanter som v\u00e4ljs av\nKonstuniversitetets studerande varannan h\u00f6st f\u00f6r en mandatperiod p\u00e5 tv\u00e5 \u00e5r.<\/p>\n\n\n\n<p class=\"wp-block-paragraph\"><strong>L\u00f6nar det sig att kandidera?<\/strong><\/p>\n\n\n\n<p class=\"wp-block-paragraph\">Absolut! Delegationen \u00e4r en bra plats f\u00f6r alla\nsom vill p\u00e5verka studierna, studerandenas vardag och gemenskapen mellan\nstuderandena. Du beh\u00f6ver inte ha tidigare erfarenhet av studentk\u00e5rsverksamhet, det\nr\u00e4cker om du \u00e4r intresserad\nav gemensamma fr\u00e5gor.Delegationen sammantr\u00e4der ca. 5\ng\u00e5nger per \u00e5r, s\u00e5 det kr\u00e4vs inte heller mycket tid f\u00f6r att medverka i\ndelegationen. D\u00e4remot f\u00e5r du chansen att l\u00e4ra dig nya saker och l\u00e4ra k\u00e4nna nya\nm\u00e4nniskor fr\u00e5n olika akademier i delegationen.<\/p>\n\n\n\n<p class=\"wp-block-paragraph\"><strong>Hur kandiderar man?<\/strong><\/p>\n\n\n\n<p class=\"wp-block-paragraph\">Kandidera i valet kan alla medlemmar av Konstuniversitetets studentk\u00e5r som har anm\u00e4lt sig som n\u00e4rvarande eller fr\u00e5nvarande vid Konstuniversitetet. Det \u00e4r enkelt: du beh\u00f6ver bara fylla i en blankett och returnera den till r\u00e4tt st\u00e4lle senast 9.10 kl. 12.00. Kandidaterna kan \u00e4ven grunda valf\u00f6rbund om de vill, men det \u00e4r helt frivilligt.\u00a0Du kan skriva ut blanketter f\u00f6r kandidatanm\u00e4lan <a href=\"https:\/\/taiyo.fi\/en\/edustajistovaalit\/konsts-delegationsval-2017\/\">h\u00e4r<\/a>, och p\u00e5 samma sidan hittar du ocks\u00e5 mera information om valet p\u00e5 svenska och platser d\u00e4r valhandlingar kan returneras p\u00e5 olika campus.<\/p>\n\n\n\n<p class=\"wp-block-paragraph\"><strong>Var hittar jag mera\ninformation?<\/strong><\/p>\n\n\n\n<p class=\"wp-block-paragraph\">KonSts valsidor: <a href=\"https:\/\/taiyo.fi\/en\/edustajistovaalit\/\">www.taiyo.fi\/edustajistovaalit<\/a><br>Valarbetare Maria Valkeavuolle: maria.valkeavuolle@uniarts.fi, tfn 040 846 3357<\/p>","protected":false},"excerpt":{"rendered":"<p>(In English below \/ P\u00e5 svenska nedan) L\u00e4hde sin\u00e4kin ehdokkaaksi TaiYo:n edustajistovaaleissa! Taideyliopiston ylioppilaskunnan edustajistovaalit j\u00e4rjestet\u00e4\u00e4n 31.10.\u20136.11.2019, ja ehdolle voi asettua keskiviikkoon [&hellip;]<\/p>\n","protected":false},"author":13,"featured_media":0,"parent":0,"menu_order":0,"comment_status":"closed","ping_status":"closed","template":"","meta":{"_coblocks_attr":"","_coblocks_dimensions":"","_coblocks_responsive_height":"","_coblocks_accordion_ie_support":"","_crdt_document":"","advanced_seo_description":"","jetpack_seo_html_title":"","jetpack_seo_noindex":false,"footnotes":""},"class_list":["post-6582","page","type-page","status-publish","hentry"],"jetpack_sharing_enabled":true,"jetpack_shortlink":"https:\/\/wp.me\/P2w00X-1Ia","jetpack_likes_enabled":true,"amp_enabled":true,"_links":{"self":[{"href":"https:\/\/taiyo.fi\/en\/wp-json\/wp\/v2\/pages\/6582","targetHints":{"allow":["GET"]}}],"collection":[{"href":"https:\/\/taiyo.fi\/en\/wp-json\/wp\/v2\/pages"}],"about":[{"href":"https:\/\/taiyo.fi\/en\/wp-json\/wp\/v2\/types\/page"}],"author":[{"embeddable":true,"href":"https:\/\/taiyo.fi\/en\/wp-json\/wp\/v2\/users\/13"}],"replies":[{"embeddable":true,"href":"https:\/\/taiyo.fi\/en\/wp-json\/wp\/v2\/comments?post=6582"}],"version-history":[{"count":2,"href":"https:\/\/taiyo.fi\/en\/wp-json\/wp\/v2\/pages\/6582\/revisions"}],"predecessor-version":[{"id":6584,"href":"https:\/\/taiyo.fi\/en\/wp-json\/wp\/v2\/pages\/6582\/revisions\/6584"}],"wp:attachment":[{"href":"https:\/\/taiyo.fi\/en\/wp-json\/wp\/v2\/media?parent=6582"}],"curies":[{"name":"wp","href":"https:\/\/api.w.org\/{rel}","templated":true}]}}