{"id":13018,"date":"2023-11-22T14:10:55","date_gmt":"2023-11-22T12:10:55","guid":{"rendered":"https:\/\/taiyo.fi\/?page_id=13018"},"modified":"2024-04-29T11:30:44","modified_gmt":"2024-04-29T09:30:44","slug":"taideyliopiston-ylioppilaskunta-on-lakitusvuorossa-vuonna-2024","status":"publish","type":"page","link":"https:\/\/taiyo.fi\/en\/taideyliopiston-ylioppilaskunta-on-lakitusvuorossa-vuonna-2024\/","title":{"rendered":"It\u2019s Uniarts Helsinki's Student Union turn to to place the cap on Manta\u2019s head in 2024!\u00a0"},"content":{"rendered":"<p><a href=\"https:\/\/i0.wp.com\/taiyo.fi\/wp-content\/uploads\/2024\/04\/mantabanner_logoilla-2.png?ssl=1\"><img data-recalc-dims=\"1\" loading=\"lazy\" decoding=\"async\" data-attachment-id=\"13492\" data-permalink=\"https:\/\/taiyo.fi\/en\/2024\/04\/15\/mantan-lakitus-tulee-oletko-valmis\/mantabanner_logoilla-3\/\" data-orig-file=\"https:\/\/i0.wp.com\/taiyo.fi\/wp-content\/uploads\/2024\/04\/mantabanner_logoilla-2.png?fit=1920%2C1280&amp;ssl=1\" data-orig-size=\"1920,1280\" data-comments-opened=\"0\" data-image-meta=\"{&quot;aperture&quot;:&quot;0&quot;,&quot;credit&quot;:&quot;&quot;,&quot;camera&quot;:&quot;&quot;,&quot;caption&quot;:&quot;&quot;,&quot;created_timestamp&quot;:&quot;0&quot;,&quot;copyright&quot;:&quot;&quot;,&quot;focal_length&quot;:&quot;0&quot;,&quot;iso&quot;:&quot;0&quot;,&quot;shutter_speed&quot;:&quot;0&quot;,&quot;title&quot;:&quot;&quot;,&quot;orientation&quot;:&quot;0&quot;}\" data-image-title=\"mantabanner_logoilla\" data-image-description=\"\" data-image-caption=\"\" data-large-file=\"https:\/\/i0.wp.com\/taiyo.fi\/wp-content\/uploads\/2024\/04\/mantabanner_logoilla-2.png?fit=700%2C467&amp;ssl=1\" class=\"alignnone size-large wp-image-13492\" src=\"https:\/\/i0.wp.com\/taiyo.fi\/wp-content\/uploads\/2024\/04\/mantabanner_logoilla-2.png?resize=700%2C467&#038;ssl=1\" alt=\"\" width=\"700\" height=\"467\" srcset=\"https:\/\/i0.wp.com\/taiyo.fi\/wp-content\/uploads\/2024\/04\/mantabanner_logoilla-2.png?resize=700%2C467&amp;ssl=1 700w, https:\/\/i0.wp.com\/taiyo.fi\/wp-content\/uploads\/2024\/04\/mantabanner_logoilla-2.png?resize=300%2C200&amp;ssl=1 300w, https:\/\/i0.wp.com\/taiyo.fi\/wp-content\/uploads\/2024\/04\/mantabanner_logoilla-2.png?resize=768%2C512&amp;ssl=1 768w, https:\/\/i0.wp.com\/taiyo.fi\/wp-content\/uploads\/2024\/04\/mantabanner_logoilla-2.png?resize=1536%2C1024&amp;ssl=1 1536w, https:\/\/i0.wp.com\/taiyo.fi\/wp-content\/uploads\/2024\/04\/mantabanner_logoilla-2.png?resize=18%2C12&amp;ssl=1 18w, https:\/\/i0.wp.com\/taiyo.fi\/wp-content\/uploads\/2024\/04\/mantabanner_logoilla-2.png?resize=1200%2C800&amp;ssl=1 1200w, https:\/\/i0.wp.com\/taiyo.fi\/wp-content\/uploads\/2024\/04\/mantabanner_logoilla-2.png?resize=1000%2C667&amp;ssl=1 1000w, https:\/\/i0.wp.com\/taiyo.fi\/wp-content\/uploads\/2024\/04\/mantabanner_logoilla-2.png?resize=230%2C153&amp;ssl=1 230w, https:\/\/i0.wp.com\/taiyo.fi\/wp-content\/uploads\/2024\/04\/mantabanner_logoilla-2.png?resize=350%2C233&amp;ssl=1 350w, https:\/\/i0.wp.com\/taiyo.fi\/wp-content\/uploads\/2024\/04\/mantabanner_logoilla-2.png?resize=480%2C320&amp;ssl=1 480w, https:\/\/i0.wp.com\/taiyo.fi\/wp-content\/uploads\/2024\/04\/mantabanner_logoilla-2.png?w=1920&amp;ssl=1 1920w\" sizes=\"auto, (max-width: 700px) 100vw, 700px\" \/><\/a><\/p>\n<p><span data-contrast=\"auto\">Havis Amandan patsas, eli tuttavallisemmin Manta, saa opiskelijoilta ylioppilaslakin p\u00e4\u00e4h\u00e4ns\u00e4 joka vappuaatto Helsingiss\u00e4.\u00a0 Mutta mik\u00e4 tai kuka lakitetaan kev\u00e4\u00e4ll\u00e4 2024? Taideyliopiston ylioppilaskunnan opiskelijat ovat lakitusvuorossa!<\/span><span data-ccp-props=\"{&quot;134233117&quot;:false,&quot;134233118&quot;:false,&quot;201341983&quot;:0,&quot;335551550&quot;:1,&quot;335551620&quot;:1,&quot;335559685&quot;:0,&quot;335559737&quot;:0,&quot;335559738&quot;:0,&quot;335559739&quot;:160,&quot;335559740&quot;:259}\">\u00a0<\/span><\/p>\n<p><span data-contrast=\"auto\">Yleis\u00f6tapahtuma ker\u00e4\u00e4 vuosittain yli 70 000 henkil\u00f6\u00e4 seuraamaan Mantan lakitusta. 115-vuotiaan Mantan ollessa restauroitavana, lakitustapahtumassa 30.4. klo 18:00 paljastuu historiallisen performanssin aikana my\u00f6s itse lakituskohde. <\/span><span data-ccp-props=\"{&quot;134233117&quot;:false,&quot;134233118&quot;:false,&quot;201341983&quot;:0,&quot;335551550&quot;:1,&quot;335551620&quot;:1,&quot;335559685&quot;:0,&quot;335559737&quot;:0,&quot;335559738&quot;:0,&quot;335559739&quot;:160,&quot;335559740&quot;:259}\">\u00a0<\/span><\/p>\n<p><strong>Lakituksen aikataulu:<br \/>\n<\/strong>Ohjelma Kansalaistorilla<\/p>\n<p>Kello 16.30 \u2013 Reborn<br \/>\nKello 16.50 \u2013 Kvarty Five x Leo Harald<br \/>\nKello 17.20 \u2013 Flok<br \/>\nKello 17.40 \u2013 Glitch<br \/>\nKello 18 \u2013 Taideyliopiston opiskelijoiden luoman teoksen lakitus ja oikean Havis Amandan vierailu Musiikkitalon j\u00e4ttin\u00e4yt\u00f6ll\u00e4<br \/>\nKello 18\u201318.30 P\u00e4\u00e4esiintyj\u00e4: Tiikerin vuosi<\/p>\n<blockquote><p><em><span class=\"TextRun SCXW7790220 BCX0\" lang=\"FI-FI\" xml:lang=\"FI-FI\" data-contrast=\"auto\"><span class=\"NormalTextRun SCXW7790220 BCX0\">\u201cTytt\u00e4reni on p\u00e4\u00e4ssyt ylioppilaaksi!\u201d<br \/>\n&#8211; <\/span><span class=\"NormalTextRun SCXW7790220 BCX0\">t\u00e4h\u00e4n tapaan tokaisi <\/span><span class=\"NormalTextRun SCXW7790220 BCX0\">taiteilija <\/span><span class=\"NormalTextRun SCXW7790220 BCX0\">Ville Vallgren<\/span><span class=\"NormalTextRun SCXW7790220 BCX0\"> mahdollisesti<\/span><span class=\"NormalTextRun SCXW7790220 BCX0\"> vuoden<\/span><span class=\"NormalTextRun SCXW7790220 BCX0\"> 1921 Havis Amandan lakituksesta<\/span><span class=\"NormalTextRun SCXW7790220 BCX0\">.<\/span><\/span><\/em><\/p><\/blockquote>\n<p><strong>Mit\u00e4 odottaa vuoden 2024 Havis Amandan lakitustapahtumasta?<\/strong><\/p>\n<p><span data-contrast=\"auto\">Vappuaatto 30.4. h\u00e4\u00e4m\u00f6tt\u00e4\u00e4 jo. Havis Amanda on lomalla ensi kerran koko 115-vuotisen olemassaolonsa aikana, ja palaa elokuussa restauroituna alkuper\u00e4iselle paikalleen.\u00a0\u00a0<\/span><span data-ccp-props=\"{&quot;335559685&quot;:0}\">\u00a0<\/span><\/p>\n<p><span data-contrast=\"auto\">Perinteikkyys on keskeinen osa vappua, ja opiskelijayhteis\u00f6ss\u00e4 on voimaa kantamaan l\u00e4pi poikkeuksellisten vuosien. Tehd\u00e4\u00e4n yhdess\u00e4 t\u00e4st\u00e4 lakitusvuodesta riemukas ja ainutkertaisesti muistettava vappuel\u00e4mys jokaiselle opiskelijalle.\u00a0 Seuraavan kerran Havis Amanda ehk\u00e4 lomailee vasta yli sadan vuoden p\u00e4\u00e4st\u00e4.\u00a0\u00a0<\/span><span data-ccp-props=\"{&quot;335559685&quot;:0}\">\u00a0<\/span><\/p>\n<p><b><span data-contrast=\"auto\">Niin, mit\u00e4 ja miss\u00e4 tapahtuu vappuaattona?<\/span><\/b><span data-ccp-props=\"{}\">\u00a0<\/span><\/p>\n<ul>\n<li data-leveltext=\"-\" data-font=\"Calibri\" data-listid=\"2\" data-list-defn-props=\"{&quot;335552541&quot;:1,&quot;335559685&quot;:720,&quot;335559991&quot;:360,&quot;469769226&quot;:&quot;Calibri&quot;,&quot;469769242&quot;:[8226],&quot;469777803&quot;:&quot;left&quot;,&quot;469777804&quot;:&quot;-&quot;,&quot;469777815&quot;:&quot;hybridMultilevel&quot;}\" aria-setsize=\"-1\" data-aria-posinset=\"1\" data-aria-level=\"1\"><i><span data-contrast=\"auto\">Kansalaistorilla tavataan!\u00a0<\/span><\/i><span data-contrast=\"auto\">Havis Amanda, Helsingin oma merenneito, on luvannut meille vierailla lomaltaan tapahtumassa.<\/span><span data-ccp-props=\"{}\">\u00a0<\/span><\/li>\n<li data-leveltext=\"-\" data-font=\"Calibri\" data-listid=\"2\" data-list-defn-props=\"{&quot;335552541&quot;:1,&quot;335559685&quot;:720,&quot;335559991&quot;:360,&quot;469769226&quot;:&quot;Calibri&quot;,&quot;469769242&quot;:[8226],&quot;469777803&quot;:&quot;left&quot;,&quot;469777804&quot;:&quot;-&quot;,&quot;469777815&quot;:&quot;hybridMultilevel&quot;}\" aria-setsize=\"-1\" data-aria-posinset=\"2\" data-aria-level=\"1\"><span data-contrast=\"auto\">J\u00e4rjest\u00e4mme perinteikk\u00e4\u00e4n lakitustapahtuman, jossa lakitamme taideopiskelijoiden taideteoksen ja tulkinnan Mantasta nosturilla.\u00a0<\/span><span data-ccp-props=\"{}\">\u00a0<\/span><\/li>\n<li data-leveltext=\"-\" data-font=\"Calibri\" data-listid=\"2\" data-list-defn-props=\"{&quot;335552541&quot;:1,&quot;335559685&quot;:720,&quot;335559991&quot;:360,&quot;469769226&quot;:&quot;Calibri&quot;,&quot;469769242&quot;:[8226],&quot;469777803&quot;:&quot;left&quot;,&quot;469777804&quot;:&quot;-&quot;,&quot;469777815&quot;:&quot;hybridMultilevel&quot;}\" aria-setsize=\"-1\" data-aria-posinset=\"3\" data-aria-level=\"1\"><span data-contrast=\"auto\"><span data-contrast=\"auto\">Festarilavalla n\u00e4hd\u00e4\u00e4n my\u00f6s ainutkertainen musiikkishow. Esitykset alkavat klo 16:30 ja p\u00e4\u00e4esiintyj\u00e4 astuu lavalle klo 18:00 lakituksen j\u00e4lkeen.<\/span><\/span><\/li>\n<li><span data-contrast=\"none\"><strong>Viestint\u00e4\u00e4;<\/strong> Jaamme vapun alla kaikkea p\u00e4\u00e4kaupunkiseudun opiskelijavapun fiilistely\u00e4 @mantanlakitus -instagram tilill\u00e4. Jos halutte n\u00e4ky\u00e4 vappuviikolla mukana, meid\u00e4t voi t\u00e4g\u00e4t\u00e4!<\/span><span data-ccp-props=\"{}\">\u00a0<\/span><\/li>\n<\/ul>\n<p><b><span data-contrast=\"auto\">Miten saapua paikalle?<\/span><\/b><\/p>\n<ul>\n<li data-leveltext=\"-\" data-font=\"Calibri\" data-listid=\"4\" data-list-defn-props=\"{&quot;335552541&quot;:1,&quot;335559685&quot;:720,&quot;335559991&quot;:360,&quot;469769226&quot;:&quot;Calibri&quot;,&quot;469769242&quot;:[8226],&quot;469777803&quot;:&quot;left&quot;,&quot;469777804&quot;:&quot;-&quot;,&quot;469777815&quot;:&quot;hybridMultilevel&quot;}\" aria-setsize=\"-1\" data-aria-posinset=\"7\" data-aria-level=\"1\"><span data-contrast=\"auto\">Kansalaistorille kannattaa saapua hyviss\u00e4 ajoin, jolloin l\u00f6yt\u00e4\u00e4 varmimmin paikan n\u00e4k\u00f6yhteydell\u00e4 lakitushow\u2019hun, joka tulee tanssituttamaan Havis Amandaakin. Kansalaistorille saavutaan <strong>k\u00e4vellen T\u00f6\u00f6l\u00f6nlahdenkadun kautta Mannerheimintielt\u00e4 tai Oodin takaa.<\/strong><\/span><\/li>\n<li data-leveltext=\"-\" data-font=\"Calibri\" data-listid=\"4\" data-list-defn-props=\"{&quot;335552541&quot;:1,&quot;335559685&quot;:720,&quot;335559991&quot;:360,&quot;469769226&quot;:&quot;Calibri&quot;,&quot;469769242&quot;:[8226],&quot;469777803&quot;:&quot;left&quot;,&quot;469777804&quot;:&quot;-&quot;,&quot;469777815&quot;:&quot;hybridMultilevel&quot;}\" aria-setsize=\"-1\" data-aria-posinset=\"7\" data-aria-level=\"1\">Mannerheimintie on <strong>suljettu autoliikenteelt\u00e4<\/strong> v\u00e4lill\u00e4 Arkadiankatu\u2013Runeberginkatu kello 16\u201320.<\/li>\n<\/ul>\n<p><strong>Alla oleva kartta n\u00e4ytt\u00e4\u00e4 saapumisreitit Kansalaistorille <\/strong>(vaaleanpunaiset nuolet osoittavat kulkusuunnan ja saapumisreitit, vihre\u00e4t ympyr\u00e4t valkoisella ristill\u00e4 merkkaavat ensiapupisteet. Punaisella kieltomerkill\u00e4 merkatuista reiteist\u00e4 ei sis\u00e4\u00e4np\u00e4\u00e4sy\u00e4 tapahtuma-alueelle )<\/p>\n<p><a href=\"https:\/\/i0.wp.com\/taiyo.fi\/wp-content\/uploads\/2024\/04\/kartta-2.png?ssl=1\"><img data-recalc-dims=\"1\" loading=\"lazy\" decoding=\"async\" data-attachment-id=\"13575\" data-permalink=\"https:\/\/taiyo.fi\/en\/taideyliopiston-ylioppilaskunta-on-lakitusvuorossa-vuonna-2024\/kartta-2\/\" data-orig-file=\"https:\/\/i0.wp.com\/taiyo.fi\/wp-content\/uploads\/2024\/04\/kartta-2.png?fit=1080%2C1080&amp;ssl=1\" data-orig-size=\"1080,1080\" data-comments-opened=\"0\" data-image-meta=\"{&quot;aperture&quot;:&quot;0&quot;,&quot;credit&quot;:&quot;&quot;,&quot;camera&quot;:&quot;&quot;,&quot;caption&quot;:&quot;&quot;,&quot;created_timestamp&quot;:&quot;0&quot;,&quot;copyright&quot;:&quot;&quot;,&quot;focal_length&quot;:&quot;0&quot;,&quot;iso&quot;:&quot;0&quot;,&quot;shutter_speed&quot;:&quot;0&quot;,&quot;title&quot;:&quot;&quot;,&quot;orientation&quot;:&quot;0&quot;}\" data-image-title=\"kartta (2)\" data-image-description=\"\" data-image-caption=\"\" data-large-file=\"https:\/\/i0.wp.com\/taiyo.fi\/wp-content\/uploads\/2024\/04\/kartta-2.png?fit=700%2C700&amp;ssl=1\" class=\"alignnone size-large wp-image-13575\" src=\"https:\/\/i0.wp.com\/taiyo.fi\/wp-content\/uploads\/2024\/04\/kartta-2.png?resize=700%2C700&#038;ssl=1\" alt=\"\" width=\"700\" height=\"700\" srcset=\"https:\/\/i0.wp.com\/taiyo.fi\/wp-content\/uploads\/2024\/04\/kartta-2.png?resize=700%2C700&amp;ssl=1 700w, https:\/\/i0.wp.com\/taiyo.fi\/wp-content\/uploads\/2024\/04\/kartta-2.png?resize=300%2C300&amp;ssl=1 300w, https:\/\/i0.wp.com\/taiyo.fi\/wp-content\/uploads\/2024\/04\/kartta-2.png?resize=150%2C150&amp;ssl=1 150w, https:\/\/i0.wp.com\/taiyo.fi\/wp-content\/uploads\/2024\/04\/kartta-2.png?resize=768%2C768&amp;ssl=1 768w, https:\/\/i0.wp.com\/taiyo.fi\/wp-content\/uploads\/2024\/04\/kartta-2.png?resize=12%2C12&amp;ssl=1 12w, https:\/\/i0.wp.com\/taiyo.fi\/wp-content\/uploads\/2024\/04\/kartta-2.png?resize=800%2C800&amp;ssl=1 800w, https:\/\/i0.wp.com\/taiyo.fi\/wp-content\/uploads\/2024\/04\/kartta-2.png?resize=600%2C600&amp;ssl=1 600w, https:\/\/i0.wp.com\/taiyo.fi\/wp-content\/uploads\/2024\/04\/kartta-2.png?resize=400%2C400&amp;ssl=1 400w, https:\/\/i0.wp.com\/taiyo.fi\/wp-content\/uploads\/2024\/04\/kartta-2.png?resize=200%2C200&amp;ssl=1 200w, https:\/\/i0.wp.com\/taiyo.fi\/wp-content\/uploads\/2024\/04\/kartta-2.png?resize=1000%2C1000&amp;ssl=1 1000w, https:\/\/i0.wp.com\/taiyo.fi\/wp-content\/uploads\/2024\/04\/kartta-2.png?resize=230%2C230&amp;ssl=1 230w, https:\/\/i0.wp.com\/taiyo.fi\/wp-content\/uploads\/2024\/04\/kartta-2.png?resize=350%2C350&amp;ssl=1 350w, https:\/\/i0.wp.com\/taiyo.fi\/wp-content\/uploads\/2024\/04\/kartta-2.png?resize=480%2C480&amp;ssl=1 480w, https:\/\/i0.wp.com\/taiyo.fi\/wp-content\/uploads\/2024\/04\/kartta-2.png?w=1080&amp;ssl=1 1080w\" sizes=\"auto, (max-width: 700px) 100vw, 700px\" \/><\/a><\/p>\n<p>&nbsp;<\/p>\n<p><b><span data-contrast=\"auto\">Huomiona viel\u00e4 turvallisuudesta<\/span><\/b><b><span data-contrast=\"auto\">:<\/span><\/b><br \/>\n<span data-contrast=\"auto\">Vappuaaton lakitusjuhla on yksi\u00e4 suurimpia kaupunkijuhlia p\u00e4\u00e4kaupunkiseudulla. Turvallisuuden vuoksi Esplanadin puistosta ihmisi\u00e4 ohjeistetaan juhlahumun keskelle Kansalaistorille. My\u00f6s esimerkiksi saniteettitilat, siivousj\u00e4rjestelyt, ensiapupisteet yms. l\u00f6ytyv\u00e4t t\u00e4n\u00e4 vuonna Kansalaistorilla. Kaupunki on ohjannut tapahtuman Kansalaistorille, sill\u00e4 Esplanadin puistossa ei ole mahdollista j\u00e4rjest\u00e4\u00e4 n\u00e4in suuren luokan tapahtumaa Havis Amandan suihkul\u00e4hteen restauroinnin vuoksi.<\/span><span data-ccp-props=\"{}\">\u00a0<\/span><\/p>\n<p>Paikalla olevan ensiapuhenkil\u00f6kunnan tunnistat vihre\u00e4st\u00e4 liivist\u00e4, j\u00e4rjestyksenvalvojat keltaisista tai oransseista liiveist\u00e4, kuten kuvassa alla n\u00e4kyy!<\/p>\n<p><a href=\"https:\/\/i0.wp.com\/taiyo.fi\/wp-content\/uploads\/2024\/04\/4.png?ssl=1\"><img data-recalc-dims=\"1\" loading=\"lazy\" decoding=\"async\" data-attachment-id=\"13570\" data-permalink=\"https:\/\/taiyo.fi\/en\/taideyliopiston-ylioppilaskunta-on-lakitusvuorossa-vuonna-2024\/attachment\/4\/\" data-orig-file=\"https:\/\/i0.wp.com\/taiyo.fi\/wp-content\/uploads\/2024\/04\/4.png?fit=1080%2C1080&amp;ssl=1\" data-orig-size=\"1080,1080\" data-comments-opened=\"0\" data-image-meta=\"{&quot;aperture&quot;:&quot;0&quot;,&quot;credit&quot;:&quot;&quot;,&quot;camera&quot;:&quot;&quot;,&quot;caption&quot;:&quot;&quot;,&quot;created_timestamp&quot;:&quot;0&quot;,&quot;copyright&quot;:&quot;&quot;,&quot;focal_length&quot;:&quot;0&quot;,&quot;iso&quot;:&quot;0&quot;,&quot;shutter_speed&quot;:&quot;0&quot;,&quot;title&quot;:&quot;&quot;,&quot;orientation&quot;:&quot;0&quot;}\" data-image-title=\"4\" data-image-description=\"\" data-image-caption=\"\" data-large-file=\"https:\/\/i0.wp.com\/taiyo.fi\/wp-content\/uploads\/2024\/04\/4.png?fit=700%2C700&amp;ssl=1\" class=\"alignnone size-large wp-image-13570\" src=\"https:\/\/i0.wp.com\/taiyo.fi\/wp-content\/uploads\/2024\/04\/4.png?resize=700%2C700&#038;ssl=1\" alt=\"\" width=\"700\" height=\"700\" srcset=\"https:\/\/i0.wp.com\/taiyo.fi\/wp-content\/uploads\/2024\/04\/4.png?resize=700%2C700&amp;ssl=1 700w, https:\/\/i0.wp.com\/taiyo.fi\/wp-content\/uploads\/2024\/04\/4.png?resize=300%2C300&amp;ssl=1 300w, https:\/\/i0.wp.com\/taiyo.fi\/wp-content\/uploads\/2024\/04\/4.png?resize=150%2C150&amp;ssl=1 150w, https:\/\/i0.wp.com\/taiyo.fi\/wp-content\/uploads\/2024\/04\/4.png?resize=768%2C768&amp;ssl=1 768w, https:\/\/i0.wp.com\/taiyo.fi\/wp-content\/uploads\/2024\/04\/4.png?resize=12%2C12&amp;ssl=1 12w, https:\/\/i0.wp.com\/taiyo.fi\/wp-content\/uploads\/2024\/04\/4.png?resize=800%2C800&amp;ssl=1 800w, https:\/\/i0.wp.com\/taiyo.fi\/wp-content\/uploads\/2024\/04\/4.png?resize=600%2C600&amp;ssl=1 600w, https:\/\/i0.wp.com\/taiyo.fi\/wp-content\/uploads\/2024\/04\/4.png?resize=400%2C400&amp;ssl=1 400w, https:\/\/i0.wp.com\/taiyo.fi\/wp-content\/uploads\/2024\/04\/4.png?resize=200%2C200&amp;ssl=1 200w, https:\/\/i0.wp.com\/taiyo.fi\/wp-content\/uploads\/2024\/04\/4.png?resize=1000%2C1000&amp;ssl=1 1000w, https:\/\/i0.wp.com\/taiyo.fi\/wp-content\/uploads\/2024\/04\/4.png?resize=230%2C230&amp;ssl=1 230w, https:\/\/i0.wp.com\/taiyo.fi\/wp-content\/uploads\/2024\/04\/4.png?resize=350%2C350&amp;ssl=1 350w, https:\/\/i0.wp.com\/taiyo.fi\/wp-content\/uploads\/2024\/04\/4.png?resize=480%2C480&amp;ssl=1 480w, https:\/\/i0.wp.com\/taiyo.fi\/wp-content\/uploads\/2024\/04\/4.png?w=1080&amp;ssl=1 1080w\" sizes=\"auto, (max-width: 700px) 100vw, 700px\" \/><\/a><\/p>\n<p><span data-contrast=\"auto\">Jos teit\u00e4 j\u00e4\u00e4 jokin k\u00e4yt\u00e4nn\u00f6n asia pohdituttamaan, tai toivotte viel\u00e4 lis\u00e4tietoa Mantan lakituksesta 2024, lakituksen j\u00e4rjest\u00e4v\u00e4\u00e4n Taideyliopiston ylioppilaskuntaan voi olla yhteydess\u00e4. Riemukasta vappuaaton odotusta!<\/span><br \/>\n<span data-ccp-props=\"{}\">\u00a0<\/span><\/p>\n<p><span data-contrast=\"auto\">Suvi Vendelin<\/span><br \/>\n<span data-contrast=\"auto\">Mantan lakituksen vastaava tuottaja 2024<\/span><br \/>\n<span data-contrast=\"auto\">Taideyliopiston ylioppilaskunnan taide-ja kulttuuripolitiikan asiantuntija.<\/span><span data-ccp-props=\"{}\"><br \/>\npuh. 050 467 0594<br \/>\n<\/span><\/p>\n<p>Ester Sundstr\u00f6m<br \/>\nMantan lakituksen viestinn\u00e4st\u00e4 vastaava 2024<br \/>\nTaideyliopiston ylioppilaskunnan j\u00e4senpalvelu- ja viestint\u00e4sihteeri<\/p>\n<p>&nbsp;<\/p>\n","protected":false},"excerpt":{"rendered":"<p>Havis Amandan patsas, eli tuttavallisemmin Manta, saa opiskelijoilta ylioppilaslakin p\u00e4\u00e4h\u00e4ns\u00e4 joka vappuaatto Helsingiss\u00e4.\u00a0 Mutta mik\u00e4 tai kuka lakitetaan kev\u00e4\u00e4ll\u00e4 2024? Taideyliopiston ylioppilaskunnan [&hellip;]<\/p>\n","protected":false},"author":13,"featured_media":13462,"parent":0,"menu_order":0,"comment_status":"closed","ping_status":"closed","template":"","meta":{"_coblocks_attr":"","_coblocks_dimensions":"","_coblocks_responsive_height":"","_coblocks_accordion_ie_support":"","_crdt_document":"","advanced_seo_description":"","jetpack_seo_html_title":"","jetpack_seo_noindex":false,"footnotes":""},"class_list":["post-13018","page","type-page","status-publish","has-post-thumbnail","hentry"],"jetpack_sharing_enabled":false,"jetpack_shortlink":"https:\/\/wp.me\/P2w00X-3nY","jetpack_likes_enabled":false,"amp_enabled":true,"_links":{"self":[{"href":"https:\/\/taiyo.fi\/en\/wp-json\/wp\/v2\/pages\/13018","targetHints":{"allow":["GET"]}}],"collection":[{"href":"https:\/\/taiyo.fi\/en\/wp-json\/wp\/v2\/pages"}],"about":[{"href":"https:\/\/taiyo.fi\/en\/wp-json\/wp\/v2\/types\/page"}],"author":[{"embeddable":true,"href":"https:\/\/taiyo.fi\/en\/wp-json\/wp\/v2\/users\/13"}],"replies":[{"embeddable":true,"href":"https:\/\/taiyo.fi\/en\/wp-json\/wp\/v2\/comments?post=13018"}],"version-history":[{"count":36,"href":"https:\/\/taiyo.fi\/en\/wp-json\/wp\/v2\/pages\/13018\/revisions"}],"predecessor-version":[{"id":13576,"href":"https:\/\/taiyo.fi\/en\/wp-json\/wp\/v2\/pages\/13018\/revisions\/13576"}],"wp:featuredmedia":[{"embeddable":true,"href":"https:\/\/taiyo.fi\/en\/wp-json\/wp\/v2\/media\/13462"}],"wp:attachment":[{"href":"https:\/\/taiyo.fi\/en\/wp-json\/wp\/v2\/media?parent=13018"}],"curies":[{"name":"wp","href":"https:\/\/api.w.org\/{rel}","templated":true}]}}